{"id":2690,"date":"2022-06-14T12:49:40","date_gmt":"2022-06-14T11:49:40","guid":{"rendered":"https:\/\/swisstabletennis.ch\/neu\/assemblee-des-delegues\/"},"modified":"2026-02-12T08:11:37","modified_gmt":"2026-02-12T07:11:37","slug":"assemblee-des-delegues","status":"publish","type":"page","link":"https:\/\/www.swisstabletennis.ch\/fr\/assemblee-des-delegues\/","title":{"rendered":"Assembl\u00e9e des d\u00e9l\u00e9gu\u00e9s"},"content":{"rendered":"\t\t<div data-elementor-type=\"wp-page\" data-elementor-id=\"2690\" class=\"elementor elementor-2690 elementor-2096\" data-elementor-post-type=\"page\">\n\t\t\t\t<div class=\"elementor-element elementor-element-3c48129f e-flex e-con-boxed e-con e-parent\" data-id=\"3c48129f\" data-element_type=\"container\" data-e-type=\"container\">\n\t\t\t\t\t<div class=\"e-con-inner\">\n\t\t\t\t<div class=\"elementor-element elementor-element-2e5838b7 sc_fly_static elementor-widget elementor-widget-text-editor\" data-id=\"2e5838b7\" data-element_type=\"widget\" data-e-type=\"widget\" data-widget_type=\"text-editor.default\">\n\t\t\t\t<div class=\"elementor-widget-container\">\n\t\t\t\t\t\t\t\t\t<p><strong>Prochaine Assembl\u00e9e des d\u00e9l\u00e9gu\u00e9s le 19.09.2026.<\/strong><\/p><p><strong>Assembl\u00e9e des d\u00e9l\u00e9gu\u00e9s Samedi 27.09.2025 \u00e0 Moutier<\/strong><\/p><ul><li style=\"list-style-type: none;\"><ul><li><a href=\"https:\/\/www.swisstabletennis.ch\/wp-content\/uploads\/2026\/02\/2025_09_27-Protokoll-DV-Moutier_fr.pdf\">27.09.2025 &#8211; Proc\u00e8s Verbal<\/a><\/li><li><a href=\"https:\/\/www.swisstabletennis.ch\/wp-content\/uploads\/2025\/09\/Invitation-AD_27.09.2025.pdf\">Invitation AD_27.09.2025<\/a><\/li><li><a href=\"https:\/\/www.swisstabletennis.ch\/wp-content\/uploads\/2024\/10\/2024.09.14-Protokoll-DV-Locarno_FR.pdf\">02_14.09.2024 &#8211; Proc\u00e8s Verbal<\/a><\/li><li><a href=\"https:\/\/www.swisstabletennis.ch\/wp-content\/uploads\/2025\/08\/Jahresbericht-STT-2024-25.pdf\">03_04_Rapport Annuel\u00a0<\/a><\/li><li><a href=\"https:\/\/www.swisstabletennis.ch\/wp-content\/uploads\/2025\/08\/Abschlussbericht-Fall-STTL-mit-Ringier_unterschrieben.pdf\">04_Rapport CCG_STTL<\/a><\/li><li><a href=\"https:\/\/www.swisstabletennis.ch\/wp-content\/uploads\/2025\/08\/RevB-30.06.2025-Swiss-Table-Tennis-SwissID.pdf\">05_Comptes Annuels et rapport de r\u00e9vision<\/a><\/li><li><a href=\"https:\/\/www.swisstabletennis.ch\/wp-content\/uploads\/2025\/08\/16_Entwurf-SSRK-Statutenaenderung_08.4.25.pdf\">08_Changement de statuts<\/a><\/li><li><a href=\"https:\/\/www.swisstabletennis.ch\/wp-content\/uploads\/2025\/08\/Kandidatur-AK.pdf\">09_Candidature Alain K\u00f6nig<\/a><\/li><li><a href=\"https:\/\/www.swisstabletennis.ch\/wp-content\/uploads\/2025\/08\/Kandidatur-Xavier-Vuissoz-actualisation-2025.pdf\">09_Candidature Xavier Vuissos (2\u00e9me mandat)<\/a><\/li><li><a href=\"https:\/\/www.swisstabletennis.ch\/wp-content\/uploads\/2025\/08\/Kandidatur-Candidature-Rachel-Moret.pdf\">09_Candidature Rachel Moret<\/a><\/li><li><a href=\"https:\/\/www.swisstabletennis.ch\/wp-content\/uploads\/2025\/08\/Wahl-GPK.pdf\">10_Candidature CCG<\/a><\/li><li><a href=\"https:\/\/www.swisstabletennis.ch\/wp-content\/uploads\/2025\/09\/Rekurskommission.pdf\">11_Candidature CR<\/a><\/li><li><a href=\"https:\/\/www.swisstabletennis.ch\/wp-content\/uploads\/2025\/08\/stancu-membre-d-honneur.pdf\">12_Membre d&rsquo;Honneur Jean-Pascal Stancu<\/a><\/li><li><a href=\"https:\/\/www.swisstabletennis.ch\/wp-content\/uploads\/2025\/08\/Antrag-Ehrenmitglied-Katja-Brand.pdf\">12_Membre d&rsquo;Honneur Katja Brand<\/a><\/li><li><a href=\"https:\/\/www.swisstabletennis.ch\/wp-content\/uploads\/2025\/08\/510_2_11-Antrag-NLV_proposition-ALN-2025.pdf\">13_Proposition ALN*<\/a><\/li><li><a href=\"https:\/\/www.swisstabletennis.ch\/wp-content\/uploads\/2025\/08\/Antrag-Rekursreglement-STTL-Vorstand-DEFR.pdf\">13_Proposition RR*<\/a><\/li><li><a href=\"https:\/\/www.swisstabletennis.ch\/fr\/arbitres-et-juges-arbitres-du-nouveau-a-lhorizon\/\">14_A \/ JA de la Saison<\/a><\/li><li><a href=\"https:\/\/www.swisstabletennis.ch\/wp-content\/uploads\/2025\/09\/Stimmenkontrolle-Herbst-DV-25_Stand-24.09.2025.pdf\">Control des votes<\/a><\/li><\/ul><\/li><\/ul><p>*Ces propositions n\u2019\u00e9taient pas incluses dans l\u2019invitation envoy\u00e9e le 27.08, mais ont \u00e9t\u00e9 publi\u00e9es sur le site web le 29.08. Conform\u00e9ment aux statuts, il est donc n\u00e9cessaire de voter d\u2019abord sur l\u2019entr\u00e9e en mati\u00e8re (2\/3 des voix), puis sur le point lui-m\u00eame.<\/p><p><strong>Assembl\u00e9e des d\u00e9l\u00e9gu\u00e9s Samedi 14.09.2024, 13h30 \u00e0 Locarno<\/strong><\/p><ul><li><a href=\"https:\/\/www.swisstabletennis.ch\/wp-content\/uploads\/2024\/10\/2024.09.14-Protokoll-DV-Locarno_FR.pdf\">14.09.2024 &#8211; Proc\u00e8s Verbal<\/a><\/li><li><a href=\"https:\/\/www.swisstabletennis.ch\/wp-content\/uploads\/2024\/08\/Invitation-AD_14.09.2024.pdf\">Invitation AD_14.09.2024<\/a><\/li><li><a href=\"https:\/\/www.swisstabletennis.ch\/wp-content\/uploads\/2024\/08\/23.09.2023-Protokoll-Herbst-DV-2023_F.pdf\">02_PV_23.09.2023<\/a><\/li><li><a style=\"font-size: 14px; background-color: #ffffff; letter-spacing: 0.26px;\" href=\"https:\/\/www.swisstabletennis.ch\/wp-content\/uploads\/2024\/09\/Jahresbericht-STT-2023-24-1.pdf\">03_04_Rapport annuel STT 2023-24_avec_CCG<\/a><\/li><li><a href=\"https:\/\/www.swisstabletennis.ch\/wp-content\/uploads\/2024\/08\/RevB-30.06.2024-Swiss-Table-Tennis-SwissID.pdf\">05_Comptes annuels et rapport de r\u00e9vision<\/a><\/li><li><a href=\"https:\/\/www.swisstabletennis.ch\/wp-content\/uploads\/2024\/08\/Leitbild-STT_Charta-STT.pdf\">07_Charta STT<\/a><\/li><li><a href=\"https:\/\/www.swisstabletennis.ch\/wp-content\/uploads\/2024\/09\/Proposition-statuts-AD-automne-2024-fr-1.pdf\">08_Statuts<\/a><\/li><li>09_CCG<\/li><li><a href=\"https:\/\/www.swisstabletennis.ch\/wp-content\/uploads\/2024\/08\/10_FO-ZV_CC.pdf\">10_FO CC_R\u00e9election<\/a><\/li><li><a href=\"https:\/\/www.swisstabletennis.ch\/wp-content\/uploads\/2024\/08\/Kandidatur-US-Wiederwahl-1.pdf\">10_Candidature US &#8211; R\u00e9\u00e9lection<\/a><\/li><li><a href=\"https:\/\/www.swisstabletennis.ch\/wp-content\/uploads\/2024\/08\/Kandidatur-VR.pdf\">10_Candidature VR &#8211; \u00e9lection<\/a><\/li><li><a href=\"https:\/\/www.swisstabletennis.ch\/wp-content\/uploads\/2024\/08\/11_FO-Praesidium-President.pdf\">11_FO Pr\u00e9sident<\/a><\/li><li><a href=\"https:\/\/www.swisstabletennis.ch\/wp-content\/uploads\/2024\/08\/GPK_Blessing_Wiederwahl.pdf\">12_CCG_Blessing_r\u00e9\u00e9lection<\/a><\/li><li><a href=\"https:\/\/www.swisstabletennis.ch\/wp-content\/uploads\/2024\/08\/CCG_Gerber.pdf\">12_CCG_Gerber<\/a><\/li><li><a href=\"https:\/\/www.swisstabletennis.ch\/wp-content\/uploads\/2024\/08\/10_Honorariat-Jean-Pascal-Stancu.pdf\">15_Honorariat Jean-Pascal Stancu<\/a><\/li><li><a href=\"https:\/\/www.swisstabletennis.ch\/wp-content\/uploads\/2024\/08\/10_Antrag-Ehrenmitglied_Membre-d-honneur-Peter-Stettler.pdf\">15_Membre d honneur Peter Stettler<\/a><\/li><li><a href=\"https:\/\/www.swisstabletennis.ch\/wp-content\/uploads\/2024\/08\/Menu-DV-TT-Locarno.pdf\">Menu DV TT-Locarno<\/a><\/li><\/ul><hr \/><p><strong>Assembl\u00e9e des d\u00e9l\u00e9gu\u00e9s le 23.09.2023 \u00e0 14.30<\/strong><\/p><ul><li><a href=\"https:\/\/www.swisstabletennis.ch\/wp-content\/uploads\/2023\/08\/Invitation-AD_23.09.2023-1.pdf\">Invitation AD_23.09.2023<\/a><\/li><li>02.<a href=\"https:\/\/www.swisstabletennis.ch\/wp-content\/uploads\/2023\/07\/24.06.2023-Protokoll-ao-DV_f.pdf\">Proc\u00e8s Verbal<\/a><\/li><li><a href=\"https:\/\/www.swisstabletennis.ch\/wp-content\/uploads\/2023\/09\/Jahresbericht-STT-2022-23_DEF-2.pdf\">03-04. Rapports CC<\/a> + CCG<\/li><li><a href=\"https:\/\/www.swisstabletennis.ch\/wp-content\/uploads\/2023\/08\/RevB-2023-Swiss-Table-Tennis-SwissID.pdf\">05_Comptes et Rapport organe de R\u00e9vision<\/a><\/li><li><a href=\"https:\/\/www.swisstabletennis.ch\/wp-content\/uploads\/2023\/08\/07_Proposition-statuts-AD-automne-2023-fr.pdf\">07_Proposition statuts AD automne 2023 fr<\/a><\/li><li><a href=\"https:\/\/www.swisstabletennis.ch\/wp-content\/uploads\/2023\/09\/Kandidaten-Stand-18.09.2023.pdf\">08-11: candidatures (\u00e9tat 18.09.2023)<\/a><\/li><li><a href=\"https:\/\/www.swisstabletennis.ch\/wp-content\/uploads\/2023\/11\/23.09.2023-Protokoll-Herbst-DV-2023_F.pdf\">23.09.2023 &#8211; PV AD Automne 2023<\/a><\/li><\/ul><hr \/><p><strong>Assembl\u00e9e extraordinaire des d\u00e9l\u00e9gu\u00e9s du samedi 24.06.2023, 10.00 (assembl\u00e9e virtuelle)<\/strong><\/p><ul><li><a href=\"https:\/\/www.swisstabletennis.ch\/wp-content\/uploads\/2023\/07\/24.06.2023-Protokoll-ao-DV_f.pdf\">24.06.2023 &#8211; Proc\u00e8s Verbal<\/a><\/li><li><a href=\"https:\/\/www.swisstabletennis.ch\/wp-content\/uploads\/2023\/05\/Invitation-AD-2023-06-24.pdf\">Invitation AD 2023-06-24<\/a><\/li><li><a href=\"https:\/\/www.swisstabletennis.ch\/fr\/projet-sttl\/\">Info<\/a><\/li><li><a href=\"https:\/\/www.swisstabletennis.ch\/wp-content\/uploads\/2023\/04\/NLA-Reform.pdf\">Reforme NLA<\/a><\/li><li><a href=\"https:\/\/www.swisstabletennis.ch\/wp-content\/uploads\/2023\/04\/Aenderungen-der-Statuten-mit-Kommentar-F-AD.pdf\">Annexe point 3 &#8211; Approbation des statuts<\/a><\/li><\/ul><hr \/><p><strong>Assembl\u00e9e extraordinaire des d\u00e9l\u00e9gu\u00e9s du lundi 23.01.2023, 20.00 (assembl\u00e9e virtuelle)<\/strong><\/p><ul><li><a href=\"https:\/\/www.swisstabletennis.ch\/wp-content\/uploads\/2023\/02\/23.01.2023-Protokoll-ao-DV-2023_f.pdf\">Proc\u00e8s Verbal<\/a><\/li><li><a href=\"https:\/\/www.swisstabletennis.ch\/wp-content\/uploads\/2023\/01\/00_Invitation-AD-2023-01-23.pdf\">00_Invitation AD<\/a><\/li><li><a href=\"https:\/\/www.swisstabletennis.ch\/wp-content\/uploads\/2023\/01\/00_AD_Informations-dorganisation.pdf\">Informations d&rsquo;organisation<\/a><\/li><li>02_<a href=\"https:\/\/www.swisstabletennis.ch\/wp-content\/uploads\/2022\/10\/24.09.2022-Protokoll-Herbst-DV-2022_f.pdf\">Proc\u00e8s-verbal<\/a><\/li><li><a href=\"https:\/\/www.swisstabletennis.ch\/wp-content\/uploads\/2023\/01\/GPK-Kandidaturen_D_F.pdf\">03_CCG<\/a><\/li><li><a href=\"https:\/\/www.swisstabletennis.ch\/wp-content\/uploads\/2022\/12\/04_Abstimmung-1.pdf\">04_Abstimmung<\/a><\/li><li><a href=\"https:\/\/www.swisstabletennis.ch\/wp-content\/uploads\/2022\/12\/04_Stellungnahme-SpoKo-Antraege-Sporteglement-SM-NW-RLT_f_OK-RM.pdf\">04_Prise de position SPOKO \/ CC<\/a><\/li><li><a href=\"https:\/\/www.swisstabletennis.ch\/wp-content\/uploads\/2022\/12\/04_Proposition-de-modification-du-reglement-sportif-STT_32.4.pdf\">04_Prise de position AGTT<\/a><\/li><li><a href=\"https:\/\/www.swisstabletennis.ch\/wp-content\/uploads\/2022\/12\/05_STTL-1.pdf\">05_STTL<\/a><\/li><li><a href=\"https:\/\/www.swisstabletennis.ch\/wp-content\/uploads\/2023\/01\/Prasentation-a.o.-DV-2023.pdf\">Pr\u00e9sentation de l&rsquo;assembl\u00e9e extraordinaire des d\u00e9l\u00e9gu\u00e9s<\/a><\/li><\/ul><hr \/><p><strong>Assembl\u00e9e des d\u00e9l\u00e9gu\u00e9s d&rsquo;automne du 24 septembre 2022 \u00e0 Ittigen\/BE<\/strong><\/p><ul><li><a href=\"https:\/\/www.swisstabletennis.ch\/wp-content\/uploads\/2023\/07\/24.09.2022-Protokoll-Herbst-DV-2022_f.pdf\">Proc\u00e8s-verbal<\/a><\/li><li><a href=\"https:\/\/www.swisstabletennis.ch\/wp-content\/uploads\/2022\/08\/Invitation_AD_2022-09-24.pdf\">Invitation et ordre du jour<\/a><\/li><li><a href=\"https:\/\/www.swisstabletennis.ch\/wp-content\/uploads\/2022\/08\/Annexe_03-04.pdf\">Annexe 03-04<\/a><\/li><li><a href=\"https:\/\/www.swisstabletennis.ch\/wp-content\/uploads\/2022\/08\/Annexe_12.pdf\">Annexe 12<\/a><\/li><li><a href=\"https:\/\/www.swisstabletennis.ch\/wp-content\/uploads\/2022\/08\/Beilage_Traktandum_5_-_Jahresbericht.pdf\">Annexe 05 comptes annuels<\/a><\/li><li><a href=\"https:\/\/www.swisstabletennis.ch\/wp-content\/uploads\/2022\/10\/Beilage_10_-_Engagement_Georg_Silberschmimdt.pdf\">Annexe 10 Engagement Georg Silberschmimdt<\/a><\/li><li><a href=\"https:\/\/www.swisstabletennis.ch\/wp-content\/uploads\/2022\/10\/ZV-CC_-_1.pdf\">07-CC_01<\/a><\/li><li><a href=\"https:\/\/www.swisstabletennis.ch\/wp-content\/uploads\/2022\/10\/GPK_-_CCG_240922.pdf\">Annexe 08<\/a><\/li><\/ul><hr \/><p><strong>Assembl\u00e9e extraordinaire des d\u00e9l\u00e9gu\u00e9s du 02 juillet 2022 (assembl\u00e9e virtuelle)<\/strong><\/p><ul><li><a class=\"wf_file\" title=\"1._Invitation_AD_ext._2022-07-02.pdf\" href=\"https:\/\/www.swisstabletennis.ch\/wp-content\/uploads\/2022\/07\/02.07.2022-Proces-verbal-AD-extraordinaire-2022.pdf\" target=\"_blank\" rel=\"noopener\"><span class=\"wf_file_text\">Proc\u00e8s-verbal<\/span><\/a><\/li><li><a class=\"wf_file\" title=\"1._Invitation_AD_ext._2022-07-02.pdf\" href=\"https:\/\/www.swisstabletennis.ch\/wp-content\/uploads\/2022\/05\/1._Invitation_AD_ext._2022-07-02.pdf\" target=\"_blank\" rel=\"noopener\"><span class=\"wf_file_text\">Invitation et ordre du jour<\/span><\/a><\/li><li><a class=\"wf_file\" title=\"2._Proc\u00e8s-verbal_printemps_AD_2022.pdf\" href=\"https:\/\/www.swisstabletennis.ch\/wp-content\/uploads\/2022\/05\/2._Proces-verbal_printemps_AD_2022.pdf\" target=\"_blank\" rel=\"noopener\"><span class=\"wf_file_text\">Annexe point 2<\/span><\/a><\/li><li><a class=\"wf_file\" title=\"Annexe_point_3.pdf\" href=\"https:\/\/www.swisstabletennis.ch\/wp-content\/uploads\/2022\/05\/Annexe_point_3.pdf\" target=\"_blank\" rel=\"noopener\"><span class=\"wf_file_text\">Annexe point 3<\/span><\/a><\/li><\/ul><hr \/><p><strong>Assembl\u00e9e des d\u00e9l\u00e9gu\u00e9s de printemps du 5 mars 2022 \u00e0 Crissier\/VD<\/strong><\/p><ul><li><a class=\"wf_file\" href=\"https:\/\/www.swisstabletennis.ch\/wp-content\/uploads\/2022\/07\/05.03.2022-Proces-verbal-printemps-AD-2022.pdf\" target=\"_blank\" rel=\"noopener\"><span class=\"wf_file_text\">Proc\u00e8s-verbal<\/span><\/a><\/li><li><a class=\"wf_file\" href=\"https:\/\/www.swisstabletennis.ch\/wp-content\/uploads\/2022\/05\/Invitation_AD_03_2022.pdf\" target=\"_blank\" rel=\"noopener\"><span class=\"wf_file_text\">Invitation et ordre du jour<\/span><\/a><\/li><li><a class=\"wf_file\" href=\"https:\/\/www.swisstabletennis.ch\/wp-content\/uploads\/2022\/05\/Beilage_annexe_3-Budget.pdf\" target=\"_blank\" rel=\"noopener\"><span class=\"wf_file_text\">Annexe point 3<\/span><\/a><\/li><li><a class=\"wf_file\" href=\"https:\/\/www.swisstabletennis.ch\/wp-content\/uploads\/2022\/05\/Annexe_4_proposition__contre_proposition_reglement_sportif.pdf\" target=\"_blank\" rel=\"noopener\"><span class=\"wf_file_text\">Annexe point 4<\/span><\/a><\/li><li><a class=\"wf_file\" href=\"https:\/\/www.swisstabletennis.ch\/wp-content\/uploads\/2022\/05\/STT_Reformestructurelle_03_2022.pdf\" target=\"_blank\" rel=\"noopener\"><span class=\"wf_file_text\">Annexe point 5<\/span><\/a><\/li><\/ul><hr \/><p><strong>Assembl\u00e9e des d\u00e9l\u00e9gu\u00e9s d&rsquo;automne du 25 septembre 2021 \u00e0 Macolin\/BE<\/strong><\/p><ul><li><a class=\"wf_file\" href=\"https:\/\/www.swisstabletennis.ch\/wp-content\/uploads\/2022\/05\/25.09.2021_-_Protokoll_Herbst_DV_2021_f.pdf\" target=\"_blank\" rel=\"noopener\"><span class=\"wf_file_text\">Proc\u00e8s-verbal<\/span><\/a><\/li><li><a class=\"wf_file\" href=\"https:\/\/www.swisstabletennis.ch\/wp-content\/uploads\/2022\/05\/Invitation_AD_2021-09-25.pdf\" target=\"_blank\" rel=\"noopener\"><span class=\"wf_file_text\">Invitation et ordre du jour<\/span><\/a><\/li><li><a class=\"wf_file\" href=\"https:\/\/www.swisstabletennis.ch\/wp-content\/uploads\/2022\/05\/Praesentation_Herbst_DV_2021.pdf\" target=\"_blank\" rel=\"noopener\"><span class=\"wf_file_text\">Pr\u00e9sentation<\/span><\/a><\/li><li><a class=\"wf_file\" href=\"https:\/\/www.swisstabletennis.ch\/wp-content\/uploads\/2022\/05\/Rapports_annuels_2020-21_v2.pdf\" target=\"_blank\" rel=\"noopener\"><span class=\"wf_file_text\">Annexe points 3 et 4<\/span><\/a><\/li><li><a class=\"wf_file\" href=\"https:\/\/www.swisstabletennis.ch\/wp-content\/uploads\/2022\/05\/Beilage_Annexe_5.pdf\" target=\"_blank\" rel=\"noopener\"><span class=\"wf_file_text\">Annexe point 5<\/span><\/a><\/li><li><a class=\"wf_file\" href=\"https:\/\/www.swisstabletennis.ch\/wp-content\/uploads\/2022\/05\/Beilage_Annexe_7-8.pdf\" target=\"_blank\" rel=\"noopener\"><span class=\"wf_file_text\">Annexe points 7 et 8<\/span><\/a><\/li><li><a class=\"wf_file\" href=\"https:\/\/www.swisstabletennis.ch\/wp-content\/uploads\/2022\/05\/Annexe_13.pdf\" target=\"_blank\" rel=\"noopener\">Annexe point 13<\/a><\/li><\/ul><hr \/><p><strong>Assembl\u00e9e des d\u00e9l\u00e9gu\u00e9s de printemps du 6 mars 2021 (assembl\u00e9e virtuelle)<\/strong><\/p><ul><li><a class=\"wf_file\" href=\"https:\/\/www.swisstabletennis.ch\/wp-content\/uploads\/2022\/05\/06.03.2021_-_Protokoll_Fruehling_DV_2021_f.pdf\" target=\"_blank\" rel=\"noopener\"><span class=\"wf_file_text\">Proc\u00e8s-verbal<\/span><\/a><\/li><li><a class=\"wf_file\" href=\"https:\/\/www.swisstabletennis.ch\/wp-content\/uploads\/2022\/05\/Invitation.pdf\" target=\"_blank\" rel=\"noopener\"><span class=\"wf_file_text\">Invitation et ordre du jour<\/span><\/a><\/li><li><a class=\"wf_file\" href=\"https:\/\/www.swisstabletennis.ch\/wp-content\/uploads\/2022\/05\/Praesentation_DV_2021-03-06.pdf\" target=\"_blank\" rel=\"noopener\"><span class=\"wf_file_text\">Pr\u00e9sentation<\/span><\/a><\/li><li><a class=\"wf_file\" href=\"https:\/\/www.swisstabletennis.ch\/wp-content\/uploads\/2022\/05\/Annexe_point_2_v2.pdf\" target=\"_blank\" rel=\"noopener\"><span class=\"wf_file_text\">Annexe point 2 <\/span><\/a><\/li><li><a class=\"wf_file\" href=\"https:\/\/www.swisstabletennis.ch\/wp-content\/uploads\/2022\/05\/Beilage_Annexe_4.pdf\" target=\"_blank\" rel=\"noopener\"><span class=\"wf_file_text\">Annexe point 3<\/span><\/a><\/li><li><a class=\"wf_file\" href=\"https:\/\/www.swisstabletennis.ch\/wp-content\/uploads\/2022\/05\/Beilage_Annexe_4_neu.pdf\" target=\"_blank\" rel=\"noopener\"><span class=\"wf_file_text\">Annexe point 4<\/span><\/a><\/li><li><a class=\"wf_file\" href=\"https:\/\/www.swisstabletennis.ch\/wp-content\/uploads\/2022\/05\/Annexes_5-7_avec_contre-propositions.pdf\" target=\"_blank\" rel=\"noopener\"><span class=\"wf_file_text\">Annexe points 5-7 avec contre-propositions<\/span><\/a><\/li><\/ul><hr \/><p><strong>Assembl\u00e9e des d\u00e9l\u00e9gu\u00e9s d&rsquo;automne du\u00a026 septembre 2020 \u00e0 Ittigen\/BE<\/strong><\/p><ul><li><a class=\"wf_file\" href=\"https:\/\/www.swisstabletennis.ch\/wp-content\/uploads\/2022\/05\/26.09.2020_-_Protokoll_Herbst_DV_2020_f.pdf\" target=\"_blank\" rel=\"noopener\"><span class=\"wf_file_text\">Proc\u00e8s-verbal<\/span><\/a><\/li><li><a class=\"wf_file\" href=\"https:\/\/www.swisstabletennis.ch\/wp-content\/uploads\/2022\/05\/Praesentation_Herbst_DV_2020.pdf\" target=\"_blank\" rel=\"noopener\"><span class=\"wf_file_text\">Pr\u00e9sentation<\/span><\/a><\/li><li><a class=\"wf_file\" href=\"https:\/\/www.swisstabletennis.ch\/wp-content\/uploads\/2022\/05\/Invitation_AD_2020-09-26.pdf\" target=\"_blank\" rel=\"noopener\"><span class=\"wf_file_text\">Invitation et ordre du jour<\/span><\/a><\/li><li><a class=\"wf_file\" href=\"https:\/\/www.swisstabletennis.ch\/wp-content\/uploads\/2022\/05\/Rapports_annuels_2019-20_fr.pdf\" target=\"_blank\" rel=\"noopener\"><span class=\"wf_file_text\">Annexe points 3 et 4<\/span> <\/a><\/li><li><a class=\"wf_file\" href=\"https:\/\/www.swisstabletennis.ch\/wp-content\/uploads\/2022\/05\/Beilage_5_Jahresrechnung.pdf\" target=\"_blank\" rel=\"noopener\"><span class=\"wf_file_text\">Annexe point 5<\/span><\/a><\/li><li><a class=\"wf_file\" href=\"https:\/\/www.swisstabletennis.ch\/wp-content\/uploads\/2022\/05\/Beilage_7_ZVA.pdf\" target=\"_blank\" rel=\"noopener\"><span class=\"wf_file_text\">Annexe point 7<\/span><\/a><\/li><li><a class=\"wf_file\" href=\"https:\/\/www.swisstabletennis.ch\/wp-content\/uploads\/2022\/05\/Annexe_9_propositions_Covid-19_v3.pdf\" target=\"_blank\" rel=\"noopener\"><span class=\"wf_file_text\">Annexe point 9<\/span><\/a><\/li><li><a class=\"wf_file\" href=\"https:\/\/www.swisstabletennis.ch\/wp-content\/uploads\/2022\/05\/Annexe_12_autres_propositions.pdf\" target=\"_blank\" rel=\"noopener\"><span class=\"wf_file_text\">Annexe point 12<\/span><\/a><\/li><\/ul><hr \/><p><strong>Assembl\u00e9e des d\u00e9l\u00e9gu\u00e9s de printemps du 29 f\u00e9vrier 2020 \u00e0 Jona\/SG<\/strong><\/p><ul><li><a class=\"wf_file\" href=\"https:\/\/www.swisstabletennis.ch\/wp-content\/uploads\/2022\/05\/2020.02.29_Rapperswil_Protokoll_V2_f.pdf\" target=\"_blank\" rel=\"noopener\"><span class=\"wf_file_text\">Proc\u00e8s-verbal<\/span><\/a><\/li><li><a class=\"wf_file\" href=\"https:\/\/www.swisstabletennis.ch\/wp-content\/uploads\/2022\/05\/Praesentation_DV_2020-02-29.pdf\" target=\"_blank\" rel=\"noopener\"><span class=\"wf_file_text\">Pr\u00e9sentation<\/span><\/a><\/li><li><a class=\"wf_file\" href=\"https:\/\/www.swisstabletennis.ch\/wp-content\/uploads\/2022\/05\/Praesentation_GPK_Fruehjahres-DV_2020.pdf\" target=\"_blank\" rel=\"noopener\"><span class=\"wf_file_text\">Pr\u00e9sentation CCG ad hoc<\/span><\/a><\/li><li><a class=\"wf_file\" href=\"https:\/\/www.swisstabletennis.ch\/wp-content\/uploads\/2022\/05\/Invitation.pdf\" target=\"_blank\" rel=\"noopener\"><span class=\"wf_file_text\">Invitation et ordre du jour<\/span><\/a><\/li><li><a class=\"wf_file\" href=\"https:\/\/www.swisstabletennis.ch\/wp-content\/uploads\/2022\/05\/Beilage_Annexe_3_Budget_2020-21_v3.pdf\" target=\"_blank\" rel=\"noopener\"><span class=\"wf_file_text\">Annexe point 3<\/span><\/a><\/li><li><a class=\"wf_file\" href=\"https:\/\/www.swisstabletennis.ch\/wp-content\/uploads\/2022\/05\/Annexe_5_Propositions_Reglement_Sportif.pdf\" target=\"_blank\" rel=\"noopener\"><span class=\"wf_file_text\">Annexe point 5<\/span><\/a><\/li><\/ul><hr \/><p><strong>Assembl\u00e9e des d\u00e9l\u00e9gu\u00e9s d&rsquo;automne du 21 septembre 2019 \u00e0 Ittigen\/BE<\/strong><\/p><ul><li><a class=\"wf_file\" href=\"https:\/\/www.swisstabletennis.ch\/wp-content\/uploads\/2022\/05\/Protokoll_Herbst_DV_2019_f.pdf\" target=\"_blank\" rel=\"noopener\"><span class=\"wf_file_text\">Proc\u00e8s-verbal<\/span><\/a><\/li><li><a class=\"wf_file\" href=\"https:\/\/www.swisstabletennis.ch\/wp-content\/uploads\/2022\/05\/Praesentation_Herbst_DV_2019.pdf\" target=\"_blank\" rel=\"noopener\"><span class=\"wf_file_text\">Pr\u00e9sentation<\/span><\/a><\/li><\/ul><p><strong>Assembl\u00e9e des d\u00e9l\u00e9gu\u00e9s de printemps du 2 mars 2019 \u00e0 Ch\u00e2telaine (Vernier)<br \/><\/strong><\/p><ul><li><a class=\"wf_file\" title=\"Proc\u00e8s-verbal\" href=\"https:\/\/www.swisstabletennis.ch\/wp-content\/uploads\/2022\/05\/Protokoll_Fruehjahres_DV_2019_f_-_Definitiv.pdf\" target=\"_blank\" rel=\"noopener\"><span class=\"wf_file_text\">Proc\u00e8s-verbal <\/span><\/a><\/li><\/ul><p><strong>Assembl\u00e9e des d\u00e9l\u00e9gu\u00e9s d&rsquo;automne du 29 septembre 2018 \u00e0 Ittigen\/BE<\/strong><\/p><ul><li><a class=\"wf_file\" href=\"https:\/\/www.swisstabletennis.ch\/wp-content\/uploads\/2022\/05\/Protokoll_Herbst_DV_2018_f_CorrNi.pdf\" target=\"_blank\" rel=\"noopener\"><span class=\"wf_file_text\">Proc\u00e8s-verbal<\/span><\/a><\/li><\/ul><p><strong>Assembl\u00e9e des d\u00e9l\u00e9gu\u00e9s de printemps du 3 mars 2018 \u00e0 Neuch\u00e2tel\/NE<\/strong><\/p><ul><li><a class=\"wf_file\" href=\"https:\/\/www.swisstabletennis.ch\/wp-content\/uploads\/2022\/05\/Protokoll_Fruehjahres_DV_2018_f.pdf\" target=\"_blank\" rel=\"noopener\"><span class=\"wf_file_text\">Proc\u00e8s-verbal <\/span><\/a><\/li><\/ul><p><strong>Assembl\u00e9e des d\u00e9l\u00e9gu\u00e9s d&rsquo;automne du 23 septembre 2017 \u00e0 Ittigen\/BE<\/strong><\/p><ul><li><a class=\"wf_file\" href=\"https:\/\/www.swisstabletennis.ch\/wp-content\/uploads\/2022\/05\/Protokoll_Herbst_DV_2017_f_Corr_Ni.pdf\" target=\"_blank\" rel=\"noopener\"><span class=\"wf_file_text\">Proc\u00e8s-verbal<\/span><\/a><\/li><\/ul><p><strong>Assembl\u00e9e des d\u00e9l\u00e9gu\u00e9s de printemps du 4 mars 2017 \u00e0 Bienne\/BE<\/strong><\/p><ul><li><a class=\"wf_file\" href=\"https:\/\/www.swisstabletennis.ch\/wp-content\/uploads\/2022\/05\/Protokoll_Fruehjahres_DV_2017_f.pdf\" target=\"_blank\" rel=\"noopener noreferrer\"><span class=\"wf_file_text\">Proc\u00e8s-verbal<\/span><\/a><\/li><\/ul><p><strong>Assembl\u00e9e des d\u00e9l\u00e9gu\u00e9s d&rsquo;automne du 24 septembre 2016 \u00e0 Ittigen\/BE<\/strong><\/p><ul><li><a class=\"wf_file\" href=\"https:\/\/www.swisstabletennis.ch\/wp-content\/uploads\/2022\/05\/Protokoll_Herbst_DV_2016_f.pdf\" target=\"_blank\" rel=\"noopener\"><span class=\"wf_file_text\">Proc\u00e8s-verbal<\/span><\/a><\/li><\/ul><p><strong>Assembl\u00e9e des d\u00e9l\u00e9gu\u00e9s de printemps du 19 mars 2016 \u00e0 Tenero\/TI<\/strong><\/p><ul><li><a class=\"wf_file\" href=\"https:\/\/www.swisstabletennis.ch\/wp-content\/uploads\/2022\/05\/Protokoll_Fruehjahres_DV_2016_f.pdf\" target=\"_blank\" rel=\"noopener\"><span class=\"wf_file_text\">Proc\u00e8s-verbal<\/span><\/a><\/li><\/ul><p><strong>Assembl\u00e9e des d\u00e9l\u00e9gu\u00e9s d&rsquo;automne du 26 septembre 2015 \u00e0 Ittigen\/BE<\/strong><\/p><ul><li><a class=\"wf_file\" href=\"https:\/\/www.swisstabletennis.ch\/wp-content\/uploads\/2022\/05\/Protokoll_Herbst_DV_2015_f.pdf\" target=\"_blank\" rel=\"noopener\"><span class=\"wf_file_text\">Proc\u00e8s-verbal<\/span><\/a><\/li><\/ul><p><strong>Assembl\u00e9e des d\u00e9l\u00e9gu\u00e9s de printemps du 28 f\u00e9vrier 2015 \u00e0 Zug\/ZG<\/strong><\/p><ul><li><a class=\"wf_file\" title=\"proc\u00e8s-verbal\" href=\"https:\/\/www.swisstabletennis.ch\/wp-content\/uploads\/2022\/05\/Protokoll_Fruehjahres_DV_2015_f.pdf\" target=\"_blank\" rel=\"noopener\"><span class=\"wf_file_text\">Proc\u00e8s-verbal<\/span><\/a><\/li><\/ul><p><strong>Assembl\u00e9e des d\u00e9l\u00e9gu\u00e9s d&rsquo;automne du 20 septembre 2014 \u00e0 Ittigen\/BE<\/strong><\/p><ul><li><a class=\"wf_file\" href=\"https:\/\/www.swisstabletennis.ch\/wp-content\/uploads\/2022\/05\/Protokoll_Herbst_DV_2014_f.pdf\" target=\"_blank\" rel=\"noopener\"><span class=\"wf_file_text\">Proc\u00e8s-verbal<\/span><\/a><\/li><\/ul><p><strong>Assembl\u00e9e des d\u00e9l\u00e9gu\u00e9s de printemps du 1 mars 2014 \u00e0 Muttenz\/BL<\/strong><\/p><ul><li><a class=\"wf_file\" href=\"https:\/\/www.swisstabletennis.ch\/wp-content\/uploads\/2022\/05\/Protokoll_Fruehjahres_DV_2014_f.pdf\" target=\"_blank\" rel=\"noopener\"><span class=\"wf_file_text\">Proc\u00e8s-verbal<\/span><\/a><\/li><\/ul><p><strong>Assembl\u00e9e des d\u00e9l\u00e9gu\u00e9s d&rsquo;automne du 28 septembre 2013 \u00e0 Ittigen\/BE<\/strong><\/p><ul><li><a class=\"wf_file\" href=\"https:\/\/www.swisstabletennis.ch\/wp-content\/uploads\/2022\/05\/Protokoll_Herbst_DV_2013_f.pdf\" target=\"_blank\" rel=\"noopener\"><span class=\"wf_file_text\">Proc\u00e8s-verbal<\/span><\/a><\/li><\/ul><p><strong>Assembl\u00e9e des d\u00e9l\u00e9gu\u00e9s de printemps du 2 mars 2013 \u00e0 Ch\u00e2telaine\/GE<\/strong><\/p><ul><li><a class=\"wf_file\" href=\"https:\/\/www.swisstabletennis.ch\/wp-content\/uploads\/2022\/05\/Protokoll_Fruehjahres_DV_2013_f.pdf\" target=\"_blank\" rel=\"noopener\"><span class=\"wf_file_text\">Proc\u00e8s-verbal<\/span><\/a><\/li><\/ul><p><strong>Assembl\u00e9e des d\u00e9l\u00e9gu\u00e9s d&rsquo;automne du 29 septembre 2012 \u00e0 Ittigen\/BE<\/strong><\/p><ul><li><a class=\"wf_file\" href=\"https:\/\/www.swisstabletennis.ch\/wp-content\/uploads\/2022\/05\/Protokoll_Herbst_DV_2012_f.pdf\" target=\"_blank\" rel=\"noopener\"><span class=\"wf_file_text\">Proc\u00e8s-verbal<\/span><\/a><\/li><\/ul><p><strong><span class=\"wf_file_text\">Assembl\u00e9e des d\u00e9l\u00e9gu\u00e9s de printemps du 3 mars 2012 \u00e0 Muttenz\/BL<\/span><\/strong><\/p><ul><li><span class=\"wf_file_text\"><a class=\"wf_file\" href=\"https:\/\/www.swisstabletennis.ch\/wp-content\/uploads\/2022\/05\/Protokoll_Fruehjahres_DV_2012_f.pdf\" target=\"_blank\" rel=\"noopener\">Proc\u00e8s-verbal<\/a><\/span><\/li><\/ul><p><strong><span class=\"wf_file_text\">Assembl\u00e9e des d\u00e9l\u00e9gu\u00e9s d&rsquo;automne du 24 septembre 2011 \u00e0 Ittigen\/BE<\/span><\/strong><\/p><ul><li><a class=\"wf_file\" href=\"https:\/\/www.swisstabletennis.ch\/wp-content\/uploads\/2022\/05\/Protokoll_Herbst_DV_2011_f.pdf\" target=\"_blank\" rel=\"noopener\"><span class=\"wf_file_text\">Proc\u00e8s-verbal<\/span><\/a><\/li><\/ul><p><strong><span class=\"wf_file_text\">Assembl\u00e9e des d\u00e9l\u00e9gues de printemps du 5 mars 2011 \u00e0 Wil\/SG<\/span><\/strong><\/p><ul><li><a class=\"wf_file\" href=\"https:\/\/www.swisstabletennis.ch\/wp-content\/uploads\/2022\/05\/Protokoll_Fruehjahres_DV_2011_f.pdf\" target=\"_blank\" rel=\"noopener\"><span class=\"wf_file_text\">Proc\u00e8s-verbal<\/span><\/a><\/li><\/ul><p><strong><span class=\"wf_file_text\">Assembl\u00e9e des d\u00e9l\u00e9gu\u00e9s d&rsquo;automne du 25 septembre 2010 \u00e0 Ittigen\/BE<\/span><\/strong><\/p><ul><li><a class=\"wf_file\" href=\"https:\/\/www.swisstabletennis.ch\/wp-content\/uploads\/2022\/05\/Protokoll__Herbst_DV_2010_f.pdf\" target=\"_blank\" rel=\"noopener\"><span class=\"wf_file_text\">Proc\u00e8s-verbal<\/span><\/a><\/li><\/ul><p><strong><span class=\"wf_file_text\">Assembl\u00e9e des d\u00e9l\u00e9gues de printemps du 6 mars 2010 \u00e0 Crissier\/VD<\/span><\/strong><\/p><ul><li><span class=\"wf_file_text\"><a class=\"wf_file\" href=\"https:\/\/www.swisstabletennis.ch\/wp-content\/uploads\/2022\/05\/Protokoll_Fruehjahres_DV_2010_f.pdf\" target=\"_blank\" rel=\"noopener\">Proc\u00e8s-verbal<\/a><\/span><\/li><\/ul>\t\t\t\t\t\t\t\t<\/div>\n\t\t\t\t<\/div>\n\t\t\t\t\t<\/div>\n\t\t\t\t<\/div>\n\t\t\t\t<\/div>\n\t\t","protected":false},"excerpt":{"rendered":"<p>Prochaine Assembl\u00e9e des d\u00e9l\u00e9gu\u00e9s le 19.09.2026. Assembl\u00e9e des d\u00e9l\u00e9gu\u00e9s Samedi 27.09.2025 \u00e0 Moutier 27.09.2025 &#8211; Proc\u00e8s Verbal Invitation AD_27.09.2025 02_14.09.2024&hellip;<\/p>\n","protected":false},"author":8,"featured_media":9064,"parent":0,"menu_order":0,"comment_status":"closed","ping_status":"closed","template":"","meta":{"_monsterinsights_skip_tracking":false,"_monsterinsights_sitenote_active":false,"_monsterinsights_sitenote_note":"","_monsterinsights_sitenote_category":0,"footnotes":""},"class_list":["post-2690","page","type-page","status-publish","has-post-thumbnail","hentry"],"_links":{"self":[{"href":"https:\/\/www.swisstabletennis.ch\/fr\/wp-json\/wp\/v2\/pages\/2690","targetHints":{"allow":["GET"]}}],"collection":[{"href":"https:\/\/www.swisstabletennis.ch\/fr\/wp-json\/wp\/v2\/pages"}],"about":[{"href":"https:\/\/www.swisstabletennis.ch\/fr\/wp-json\/wp\/v2\/types\/page"}],"author":[{"embeddable":true,"href":"https:\/\/www.swisstabletennis.ch\/fr\/wp-json\/wp\/v2\/users\/8"}],"replies":[{"embeddable":true,"href":"https:\/\/www.swisstabletennis.ch\/fr\/wp-json\/wp\/v2\/comments?post=2690"}],"version-history":[{"count":66,"href":"https:\/\/www.swisstabletennis.ch\/fr\/wp-json\/wp\/v2\/pages\/2690\/revisions"}],"predecessor-version":[{"id":47321,"href":"https:\/\/www.swisstabletennis.ch\/fr\/wp-json\/wp\/v2\/pages\/2690\/revisions\/47321"}],"wp:featuredmedia":[{"embeddable":true,"href":"https:\/\/www.swisstabletennis.ch\/fr\/wp-json\/wp\/v2\/media\/9064"}],"wp:attachment":[{"href":"https:\/\/www.swisstabletennis.ch\/fr\/wp-json\/wp\/v2\/media?parent=2690"}],"curies":[{"name":"wp","href":"https:\/\/api.w.org\/{rel}","templated":true}]}}